{"id":1662,"date":"2021-06-13T19:01:28","date_gmt":"2021-06-14T00:01:28","guid":{"rendered":"http:\/\/cristinarascon.com.mx\/?page_id=1662"},"modified":"2021-06-19T12:30:26","modified_gmt":"2021-06-19T17:30:26","slug":"premios","status":"publish","type":"page","link":"http:\/\/cristinarascon.com.mx\/pt\/premios\/","title":{"rendered":"(Espa\u00f1ol) Premios"},"content":{"rendered":"<p>[et_pb_section fb_built=&#8221;1&#8243; next_background_color=&#8221;#ffffff&#8221; admin_label=&#8221;Hero Section&#8221; _builder_version=&#8221;4.7.4&#8243; use_background_color_gradient=&#8221;on&#8221; background_color_gradient_start=&#8221;rgba(0,0,0,0.4)&#8221; background_color_gradient_end=&#8221;rgba(0,0,0,0.4)&#8221; background_color_gradient_overlays_image=&#8221;on&#8221; background_image=&#8221;http:\/\/cristinarascon.com.mx\/wp-content\/uploads\/2013\/02\/home-300&#215;183.jpg&#8221; background_position=&#8221;center_right&#8221; custom_padding=&#8221;6%||6%|&#8221; bottom_divider_style=&#8221;slant&#8221; bottom_divider_height=&#8221;60px&#8221; background_color_gradient_direction__hover=&#8221;180deg&#8221; background_color_gradient_direction__hover_enabled=&#8221;180deg&#8221; background_color_gradient_start_position__hover=&#8221;0%&#8221; background_color_gradient_start_position__hover_enabled=&#8221;0%&#8221; background_color_gradient_end_position__hover=&#8221;100%&#8221; background_color_gradient_end_position__hover_enabled=&#8221;100%&#8221;][et_pb_row admin_label=&#8221;Page Title Area&#8221; _builder_version=&#8221;3.25&#8243; background_size=&#8221;initial&#8221; background_position=&#8221;top_left&#8221; background_repeat=&#8221;repeat&#8221;][et_pb_column type=&#8221;4_4&#8243; _builder_version=&#8221;3.25&#8243; custom_padding=&#8221;|||&#8221; custom_padding__hover=&#8221;|||&#8221;][et_pb_text admin_label=&#8221;Hero Section Title&#8221; _builder_version=&#8221;4.7.4&#8243; text_font=&#8221;Montserrat||||||||&#8221; text_font_size=&#8221;18px&#8221; text_line_height=&#8221;1.8em&#8221; header_font=&#8221;Montserrat|600||on|||||&#8221; header_font_size=&#8221;48px&#8221; header_letter_spacing=&#8221;3px&#8221; header_line_height=&#8221;1.3em&#8221; header_2_font=&#8221;Montserrat|700|||||||&#8221; header_2_text_color=&#8221;rgba(255,255,255,0.6)&#8221; header_2_font_size=&#8221;90px&#8221; header_2_letter_spacing=&#8221;3px&#8221; header_2_line_height=&#8221;1.1em&#8221; text_orientation=&#8221;center&#8221; background_layout=&#8221;dark&#8221; max_width=&#8221;700px&#8221; module_alignment=&#8221;center&#8221; custom_margin=&#8221;|||&#8221; animation_style=&#8221;fade&#8221; animation_direction=&#8221;bottom&#8221; header_font_size_tablet=&#8221;&#8221; header_font_size_phone=&#8221;28px&#8221; header_font_size_last_edited=&#8221;on|phone&#8221; header_2_font_size_tablet=&#8221;&#8221; header_2_font_size_phone=&#8221;50px&#8221; header_2_font_size_last_edited=&#8221;on|phone&#8221;]<\/p>\n<h1 style=\"text-align: left;\">PREMIOS<\/h1>\n<p>[\/et_pb_text][\/et_pb_column][\/et_pb_row][\/et_pb_section][et_pb_section fb_built=&#8221;1&#8243; disabled_on=&#8221;off|off|off&#8221; admin_label=&#8221;Featured Project&#8221; _builder_version=&#8221;3.22&#8243; custom_padding=&#8221;10px||110px|||&#8221;][et_pb_row column_structure=&#8221;3_5,2_5&#8243; admin_label=&#8221;Featured Project&#8221; _builder_version=&#8221;3.25&#8243; custom_padding=&#8221;12px|||||&#8221;][et_pb_column type=&#8221;3_5&#8243; _builder_version=&#8221;3.25&#8243; custom_padding=&#8221;|||&#8221; custom_padding__hover=&#8221;|||&#8221;][et_pb_divider show_divider=&#8221;off&#8221; _builder_version=&#8221;3.2&#8243; max_width=&#8221;23px&#8221; module_alignment=&#8221;left&#8221; animation_style=&#8221;slide&#8221; animation_intensity_slide=&#8221;20%&#8221; animation_starting_opacity=&#8221;100%&#8221; locked=&#8221;off&#8221;][\/et_pb_divider][et_pb_text _builder_version=&#8221;4.7.4&#8243; text_font=&#8221;||||||||&#8221; text_font_size=&#8221;16px&#8221; text_line_height=&#8221;1.8em&#8221; header_font=&#8221;||||||||&#8221; max_width=&#8221;90%&#8221; custom_margin=&#8221;-19px|||||&#8221; animation_style=&#8221;flip&#8221; animation_direction=&#8221;left&#8221; animation_intensity_flip=&#8221;30%&#8221; animation_starting_opacity=&#8221;100%&#8221;]<\/p>\n<p><strong>\u00a0Premios internacionales:<\/strong><\/p>\n<ul>\n<li>Premio Latinoamericano de Cuento \u201cBenem\u00e9rito de Am\u00e9rica\u201d. Gobierno del Estado de Oaxaca y Universidad Aut\u00f3noma de Oaxaca. M\u00e9xico, 2005.<\/li>\n<\/ul>\n<p><strong>\u00a0\u00a0\u00a0\u00a0 Concursos internacionales:<\/strong><\/p>\n<ul>\n<li>Ganadora del Concurso Internacional de Cuento Breve de la Librer\u00eda Medi\u00e1tica. Caracas, Venezuela, 2005.<\/li>\n<\/ul>\n<p>&nbsp;<\/p>\n<p><strong>Premios nacionales<\/strong><\/p>\n<ul>\n<li>Premio Sonora a la Cultura y las Artes 2019. Hermosillo, Sonora, M\u00e9xico, 2019.<\/li>\n<li>Premio Regional de Literatura del Noroeste FORCA. Cuento. La Paz, Baja California Sur, M\u00e9xico, 2008.<\/li>\n<\/ul>\n<p><strong>Concursos nacionales:<\/strong><\/p>\n<ul>\n<li>Premio Libro Sonorense (cuento). Instituto Sonorense de Cultura. Hermosillo, Sonora, M\u00e9xico, 2005.<\/li>\n<li>Primer lugar en el XX Concurso Nacional de Creaci\u00f3n Literaria del Sistema Tecnol\u00f3gico de Monterrey (cuento), categor\u00eda profesores. Chihuahua, M\u00e9xico, 2006.<\/li>\n<li>Primer lugar en el XX Concurso Nacional de Creaci\u00f3n Literaria del Sistema Tecnol\u00f3gico de Monterrey (poes\u00eda), categor\u00eda profesores. Chihuahua, M\u00e9xico, 2006.<\/li>\n<li>Primer lugar en el Concurso Nacional de Cuento UDEM (Universidad de Monterrey), Nuevo Le\u00f3n, 2002.<\/li>\n<li>Primer lugar en el Concurso de Cuento &#8220;Adolfo Bioy Casares&#8221; del ITESM. Nuevo Le\u00f3n, M\u00e9xico, 1998.<\/li>\n<li>Primer lugar en el \u201cConcurso Juvenil Estatal de Cuento\u201d. Secretar\u00eda de Educaci\u00f3n y el Instituto Sonorense de Cultura. Hermosillo, Sonora, M\u00e9xico, 1994.<\/li>\n<\/ul>\n<p>&nbsp;<\/p>\n<p><strong>Distinciones internacionales:<\/strong><\/p>\n<ul>\n<li>Invitada a al congreso Haiku North America (HNA) como primera ponente mexicana desde su creaci\u00f3n, con la conferencia &#8220;Mexican Haiku: tradition, translation and transgression&#8221;. Santa Fe, Estados Unidos, 2017.<\/li>\n<li>Invitada por la Universidad de Viena como \u00fanica escritora y traductora hispanoamericana en el Congreso Internacional de Literatura Interdisciplinaria &#8220;Schnittstelle Japan&#8221; (Jap\u00f3n interfaz), con la ponencia \u201cLa influencia de Jap\u00f3n en la literatura mexicana\u201d y lectura de sulibro &#8220;Hanami&#8221;. Viena, Austria. Mayo, 2015.<\/li>\n<li>Diploma por parte de la Embajada de Jap\u00f3n y la Asociaci\u00f3n de Exbecarios de Jap\u00f3n por el aporte a la relaci\u00f3n M\u00e9xico-Jap\u00f3n como escritora y traductora de literatura japonesa, miembro del Sistema Nacional de Creadores de Arte. M\u00e9xico\/Jap\u00f3n. Marzo, 2014.<\/li>\n<li>Invitada por la SRE para presidir el homenaje a Octavio Paz en la Feria del Libro de Lima, Per\u00fa, con la conferencia &#8220;Escritura en tr\u00e1nsito: Paz como traductor de poes\u00eda japonesa y escritor de renga&#8221;. Lima, Per\u00fa, 2014.<\/li>\n<li>Invitada a residencias art\u00edsticas internacionales por gobiernos y fundaciones en Austria, China, Brasil, Canad\u00e1 y M\u00e9xico\/Estados Unidos, 2006-2016 (ver secci\u00f3n Residencias art\u00edsticas)<\/li>\n<\/ul>\n<p>&nbsp;<\/p>\n<p><strong>Distinciones nacionales:<\/strong><\/p>\n<ul>\n<li>Miembro del Sistema Nacional de Creadores de Arte (SNCA) en Letras (Cuento). M\u00e9xico, emisi\u00f3n 2018 y emisi\u00f3n 2011.<\/li>\n<li>Ingreso al Archivo Hist\u00f3rico de la Universidad de Sonora (UNISON), como escritora destacada en los \u00faltimos 100 a\u00f1os. Hermosillo, Sonora. Marzo, 2016.<\/li>\n<li>Miembro del comit\u00e9 nacional de selecci\u00f3n del Programa J\u00f3venes Creadores (FONCA): jurado y tutora en cuento. M\u00e9xico, 2012-2014.<\/li>\n<li>Diploma de reconocimiento de la Universidad de Sonora (UNISON) por enriquecer el patrimonio cultural de Sonora con su permanente contribuci\u00f3n literaria. Hermosillo, Sonora, M\u00e9xico, marzo 2012.<\/li>\n<li>Diploma de reconocimiento por parte de la Presidencia del H. Ayuntamiento de Zihuatanejo de Azueta por la aportaci\u00f3n a la cultura en beneficio de la comunidad azuetence. Guerrero, M\u00e9xico, 2010.<\/li>\n<\/ul>\n<p>&nbsp;<\/p>\n<p><strong>Becas nacionales e internacionales:<\/strong><\/p>\n<p>&nbsp;<\/p>\n<p><strong>Creaci\u00f3n:<\/strong><\/p>\n<ul>\n<li>Fondo Nacional para la Cultura y las Artes (FONCA): Miembro del Sistema Nacional de Creadores de Arte (SNCA) en Letras (Cuento). M\u00e9xico, emisi\u00f3n 2018.<\/li>\n<li>San Miguel Writers Conference &amp; Literary Festival Scholarship. Guanajuato, M\u00e9xico, febrero, 2018.<\/li>\n<li>Haiku North AmericaConference. Como creadora e investigadora. Santa Fe, Nuevo M\u00e9xico, Estados Unidos, 2017.<\/li>\n<li>Fundaci\u00f3n Jap\u00f3n en M\u00e9xico: subsidio para la publicaci\u00f3n de<em>Zool\u00f3gico de palabritas<\/em>, haiku parani\u00f1os, conAndraval Ediciones. M\u00e9xico\/Jap\u00f3n, 2016-2017.<\/li>\n<li>AlteSchmiede: residencia art\u00edstica. Viena, AUSTRIA. Mayo, 2015.<\/li>\n<li>Fundaci\u00f3n Sacatar. Residencia art\u00edstica internacional. Salvador de Bah\u00eda, BRASIL. Octubre-diciembre, 2012.<\/li>\n<li>Fondo Nacional para la Cultura y las Artes (FONCA): Miembro del Sistema Nacional de Creadores de Arte (SNCA) en Letras (Cuento). M\u00e9xico, emisi\u00f3n 2011.<\/li>\n<li>Asociaci\u00f3n de Escritores de Shangh\u00e1i. Residencia internacional de escritores. Shangh\u00e1i, CHINA. Octubre-noviembre, 2011.<\/li>\n<li>Fondo Estatal para la Cultura y las Artes de Sonora (FECAS): Creadores con trayectoria, Letras (Cuento). M\u00e9xico, 2009.<\/li>\n<li>Fondo Nacional para la Cultura y las Artes (FONCA): Beca de residencias art\u00edsticas internacionales (Novela). M\u00e9xico\/Canad\u00e1, 2008.<\/li>\n<li>FLM\/ITESM\/FCE\/CECUT: Laboratorio Fronterizo de Escritores \/ Writers\u00b4 Labontheborder. Tijuana\/San Diego, M\u00c9XICO\/ESTADOS UNIDOS. Junio-julio 2006.<\/li>\n<li>Fondo Estatal para la Cultura y las Artes de Sonora (FECAS): J\u00f3venes Creadores, Letras (Cuento), M\u00e9xico, 2005.<\/li>\n<\/ul>\n<p><strong>Traducci\u00f3n literaria:<\/strong><\/p>\n<ul>\n<li>PROTRAD: Traducci\u00f3n de poes\u00eda japonesa: Flor del alba, poemario haiku de Chiyo-ni, del japon\u00e9s al espa\u00f1ol por C. Rasc\u00f3n y del espa\u00f1ol al n\u00e1huatl, por M. Carballo, con Editorial Drag\u00f3n Rojo, 2016.<\/li>\n<li>PROTRAD: Traducci\u00f3n de poes\u00eda japonesa al espa\u00f1ol: Agend&#8217;Ars, de KeijiroSuga, con Editorial Cuadrivio, 2015.<\/li>\n<li>Centro Banff de Traducci\u00f3n Literaria. Poes\u00eda japonesa: haiku y prosa po\u00e9tica. Banff, Alberta, CANAD\u00c1. Junio, 2014.<\/li>\n<li>Fondo Nacional para la Cultura y las Artes (FONCA): Programa de Fomento a la Traducci\u00f3n Literaria. Poes\u00eda Japonesa al espa\u00f1ol de Shuntar\u014dTanikawa. M\u00e9xico, 2004.<\/li>\n<\/ul>\n<p><strong>Promoci\u00f3n Cultural:<\/strong><\/p>\n<ul>\n<li>FESAC (Fundaci\u00f3n del Empresariado Sonorense AC): apoyo econ\u00f3mico para organizar el Primer Certamen Literario de Cajeme (Espa\u00f1ol-Yaqui) J\u00edosiataN\u00f3oki, Cd. Obreg\u00f3n, Sonora, M\u00e9xico. Ganadora en dos ocasiones: 2005 y 2006.<\/li>\n<\/ul>\n<p><strong>Estudios acad\u00e9micos:<\/strong><\/p>\n<ul>\n<li>Mombusho (Gobierno de Jap\u00f3n)-Secretar\u00eda de Relaciones Exteriores (SRE): beca completa para estudiantes extranjeros para posgrado y maestr\u00eda. Osaka, Jap\u00f3n, 2000-2004.<\/li>\n<li>Asociaci\u00f3n de Estudiantes de Sonora en Monterrey, AC (AESMAC), beca de manutenci\u00f3n para estudiantes sonorenses de excelencia, Monterrey, NL. M\u00e9xico. 1996-1999.<\/li>\n<li>Association of International Education in Japan (AIEJ): beca de manutenci\u00f3n para estudiantes extranjeros de intercambio. Osaka, Jap\u00f3n. 1996-1997<\/li>\n<li>Fondo de Apoyo a Estudiantes Becados de Intercambio (FAEBI). Beneficiaria de apoyo econ\u00f3mico para estudios de intercambio en Jap\u00f3n. Monterrey, Nuevo Le\u00f3n, M\u00e9xico. 1996.<\/li>\n<li>Instituto de Cr\u00e9dito Educativo del Estado de Sonora (ICEES), para estudios de licenciatura, 1994-1999.<\/li>\n<li>Instituto Tecnol\u00f3gico y de Estudios Superiores en Monterrey (TESM-Campus Monterrey), beca de 90% colegiatura para estudiosde licenciatura. Monterrey, NL. M\u00e9xico, 1994-1999.<\/li>\n<\/ul>\n<p>&nbsp;<\/p>\n<p>[\/et_pb_text][\/et_pb_column][et_pb_column type=&#8221;2_5&#8243; _builder_version=&#8221;3.25&#8243; custom_padding=&#8221;|||&#8221; custom_padding__hover=&#8221;|||&#8221;][et_pb_image src=&#8221;http:\/\/cristinarascon.com.mx\/wp-content\/uploads\/2013\/03\/ChiNA-5-300&#215;200.jpg&#8221; title_text=&#8221;ChiNA 5&#8243; _builder_version=&#8221;4.7.4&#8243; _module_preset=&#8221;default&#8221; module_alignment=&#8221;center&#8221; height=&#8221;316px&#8221; custom_margin=&#8221;104px|||||&#8221; hover_enabled=&#8221;0&#8243; sticky_enabled=&#8221;0&#8243;][\/et_pb_image][et_pb_image src=&#8221;http:\/\/cristinarascon.com.mx\/wp-content\/uploads\/2013\/02\/tijuana-6-225&#215;300.jpg&#8221; title_text=&#8221;tijuana 6&#8243; _builder_version=&#8221;4.7.4&#8243; _module_preset=&#8221;default&#8221; module_alignment=&#8221;center&#8221; height=&#8221;528px&#8221; custom_margin=&#8221;131px|||||&#8221;][\/et_pb_image][et_pb_image src=&#8221;http:\/\/cristinarascon.com.mx\/wp-content\/uploads\/2016\/03\/hinadan-229&#215;300.jpg&#8221; title_text=&#8221;hinadan&#8221; align=&#8221;center&#8221; _builder_version=&#8221;4.7.4&#8243; _module_preset=&#8221;default&#8221; module_alignment=&#8221;center&#8221; height=&#8221;361px&#8221; custom_margin=&#8221;130px|||||&#8221;][\/et_pb_image][\/et_pb_column][\/et_pb_row][\/et_pb_section]<\/p>\n","protected":false},"excerpt":{"rendered":"<p>PREMIOS\u00a0Premios internacionales: Premio Latinoamericano de Cuento \u201cBenem\u00e9rito de Am\u00e9rica\u201d. Gobierno del Estado de Oaxaca y Universidad Aut\u00f3noma de Oaxaca. M\u00e9xico, 2005. \u00a0\u00a0\u00a0\u00a0 Concursos internacionales: Ganadora del Concurso Internacional de Cuento Breve de la Librer\u00eda Medi\u00e1tica. Caracas, Venezuela, 2005. &nbsp; Premios nacionales Premio Sonora a la Cultura y las Artes 2019. Hermosillo, Sonora, M\u00e9xico, 2019. Premio [&hellip;]<\/p>\n","protected":false},"author":5,"featured_media":0,"parent":0,"menu_order":0,"comment_status":"closed","ping_status":"closed","template":"","meta":{"_et_pb_use_builder":"on","_et_pb_old_content":"","_et_gb_content_width":"","_exactmetrics_skip_tracking":false,"_exactmetrics_sitenote_active":false,"_exactmetrics_sitenote_note":"","_exactmetrics_sitenote_category":0,"footnotes":""},"class_list":["post-1662","page","type-page","status-publish","hentry"],"aioseo_notices":[],"_links":{"self":[{"href":"http:\/\/cristinarascon.com.mx\/pt\/wp-json\/wp\/v2\/pages\/1662","targetHints":{"allow":["GET"]}}],"collection":[{"href":"http:\/\/cristinarascon.com.mx\/pt\/wp-json\/wp\/v2\/pages"}],"about":[{"href":"http:\/\/cristinarascon.com.mx\/pt\/wp-json\/wp\/v2\/types\/page"}],"author":[{"embeddable":true,"href":"http:\/\/cristinarascon.com.mx\/pt\/wp-json\/wp\/v2\/users\/5"}],"replies":[{"embeddable":true,"href":"http:\/\/cristinarascon.com.mx\/pt\/wp-json\/wp\/v2\/comments?post=1662"}],"version-history":[{"count":12,"href":"http:\/\/cristinarascon.com.mx\/pt\/wp-json\/wp\/v2\/pages\/1662\/revisions"}],"predecessor-version":[{"id":1695,"href":"http:\/\/cristinarascon.com.mx\/pt\/wp-json\/wp\/v2\/pages\/1662\/revisions\/1695"}],"wp:attachment":[{"href":"http:\/\/cristinarascon.com.mx\/pt\/wp-json\/wp\/v2\/media?parent=1662"}],"curies":[{"name":"wp","href":"https:\/\/api.w.org\/{rel}","templated":true}]}}